{"id":671,"date":"2023-01-19T10:54:41","date_gmt":"2023-01-19T10:54:41","guid":{"rendered":"https:\/\/aplushairtransplant.com\/?page_id=671"},"modified":"2023-01-19T10:56:46","modified_gmt":"2023-01-19T10:56:46","slug":"kvkk","status":"publish","type":"page","link":"https:\/\/aplushairtransplant.com\/fr_fr\/kvkk\/","title":{"rendered":"KVKK"},"content":{"rendered":"<div data-elementor-type=\"wp-page\" data-elementor-id=\"671\" class=\"elementor elementor-671\">\n\t\t\t\t\t\t<section class=\"elementor-section elementor-top-section elementor-element elementor-element-0aae4f3 elementor-section-stretched thsn-col-stretched-none thsn-bg-color-over-image elementor-section-boxed elementor-section-height-default elementor-section-height-default\" data-id=\"0aae4f3\" data-element_type=\"section\" data-e-type=\"section\" data-settings=\"{&quot;stretch_section&quot;:&quot;section-stretched&quot;}\">\n\t\t\t\t\t\t<div class=\"elementor-container elementor-column-gap-default\">\n\t\t\t\t\t<div class=\"elementor-column elementor-col-100 elementor-top-column elementor-element elementor-element-fe75053 thsn-bg-color-over-image\" data-id=\"fe75053\" data-element_type=\"column\" data-e-type=\"column\">\n\t\t\t<div class=\"elementor-widget-wrap elementor-element-populated\">\n\t\t\t\t\t\t<div class=\"elementor-element elementor-element-3a1a773 elementor-widget elementor-widget-text-editor\" data-id=\"3a1a773\" data-element_type=\"widget\" data-e-type=\"widget\" data-widget_type=\"text-editor.default\">\n\t\t\t\t<div class=\"elementor-widget-container\">\n\t\t\t\t\t\t\t\t\t<p><strong>TEXTE LUMINEUX EN VERTU DE LA LOI SUR LA PROTECTION DES DONNEES PERSONNELLES<\/strong><\/p><p>A Plus Aesthetics Polyclinic attache de l&#039;importance \u00e0 la protection de la confidentialit\u00e9 de vos informations personnelles et \u00e0 tous les processus connexes.<\/p><p>En tant que polyclinique A Plus Aesthetics, conform\u00e9ment \u00e0 la loi sur la protection des donn\u00e9es personnelles n \u00b0 6698 (\u00abKVKK\u00bb), en tant que contr\u00f4leur de donn\u00e9es, dans le cadre de notre obligation d&#039;informer dans le cadre de KVKK, en tenant compte des donn\u00e9es s\u00e9curit\u00e9 de nos patients et de nos proches, en raison de l&#039;importance que nous attachons \u00e0 la protection de la vie priv\u00e9e, des droits et libert\u00e9s fondamentaux, nous souhaitons vous informer des probl\u00e8mes suivants.<\/p><ol><li><strong>Quelles donn\u00e9es personnelles traitons-nous ?<\/strong><\/li><\/ol><p>Nous collectons diverses donn\u00e9es personnelles conform\u00e9ment aux principes et conditions dans le cadre du KVKK et d&#039;autres l\u00e9gislations pertinentes afin de fournir des services de sant\u00e9 \u00e0 nos patients\/clients. Afin de fournir des services de sant\u00e9 \u00e0 nos patients\/clients, les donn\u00e9es suivantes sont collect\u00e9es par notre polyclinique aupr\u00e8s de nos patients, d&#039;autres \u00e9tablissements et organisations de sant\u00e9 ou des proches des patients dans le but de r\u00e9aliser des services de diagnostic m\u00e9dical, de consultation, d&#039;examen, de traitement et de soins\u00a0:<\/p><ul><li>Vos nom, pr\u00e9nom, informations d&#039;identit\u00e9 TR, num\u00e9ro de passeport, lieu et date de naissance,<\/li><li>votre sexe et votre \u00e9tat civil,<\/li><li>Votre adresse, num\u00e9ro de t\u00e9l\u00e9phone, adresse e-mail<\/li><li>Votre num\u00e9ro de protocole patient et d&#039;autres donn\u00e9es d&#039;identification par lesquelles nous pouvons vous identifier,<\/li><li>Vos donn\u00e9es pr\u00e9cis\u00e9es dans le formulaire de consentement que vous pouvez donner en cas d&#039;intervention m\u00e9dicale,<\/li><li>Vos donn\u00e9es d&#039;assurance maladie priv\u00e9e ou d&#039;organisme de s\u00e9curit\u00e9 sociale aux fins de financement et de planification des services de sant\u00e9,<\/li><li>Vos donn\u00e9es biom\u00e9triques dans le cadre des prestations financ\u00e9es par la S\u00e9curit\u00e9 Sociale,<\/li><li>Vos donn\u00e9es personnelles g\u00e9n\u00e9rales et sp\u00e9ciales, en particulier les donn\u00e9es personnelles de sant\u00e9 obtenues lors de l&#039;ex\u00e9cution de tous les services de diagnostic m\u00e9dical, d&#039;examen, de traitement et de soins, telles que vos r\u00e9sultats de laboratoire, r\u00e9sultats de tests, donn\u00e9es d&#039;examen, informations de contr\u00f4le, informations de prescription,<\/li><li>Lors de votre visite \u00e0 la Polyclinique A Plus Esth\u00e9tique, votre syst\u00e8me de cam\u00e9ra en circuit ferm\u00e9 image et enregistrement, prise de son,<\/li><li>Vos donn\u00e9es d&#039;enqu\u00eate, de suggestion, de remerciement et de plainte, votre enregistrement vocal lorsque vous nous contactez par e-mail, le formulaire de contact du site Web, le centre d&#039;appels et d&#039;autres donn\u00e9es que vous partagez lorsque vous nous contactez par d&#039;autres canaux.<\/li><li>Tous les appels t\u00e9l\u00e9phoniques, enregistrements d&#039;appels vocaux conserv\u00e9s si vous contactez notre centre d&#039;appels,<\/li><li>Les donn\u00e9es personnelles enregistr\u00e9es dans des photographies ou des enregistrements vid\u00e9o pour la confirmation et la preuve de la promotion, de la recherche, de la proc\u00e9dure m\u00e9dicale ou esth\u00e9tique\/cosm\u00e9tique avec un consentement et une autorisation \u00e9crits sp\u00e9ciaux (consentement) ou pour convaincre d&#039;autres patients candidats \u00e0 la proc\u00e9dure m\u00e9dicale sont les donn\u00e9es dans ce cadre.<\/li><\/ul><ol start=\"2\"><li><strong>\u00c0 quelles fins traitons-nous vos donn\u00e9es personnelles ?<\/strong><\/li><\/ol><p>Vos donn\u00e9es personnelles et priv\u00e9es mentionn\u00e9es ci-dessus\u00a0;<\/p><ul><li>Pour remplir les obligations l\u00e9gales de la Loi fondamentale sur les services de sant\u00e9 n \u00b0 3359 et d&#039;autres lois, r\u00e8glements, directives, communiqu\u00e9s, circulaires et autres r\u00e8glements officiels\u00a0;<\/li><li>Protection de la sant\u00e9 publique, m\u00e9decine pr\u00e9ventive, diagnostic m\u00e9dical, ex\u00e9cution des services de traitement et de soins, planification et gestion des services de sant\u00e9 et financement\u00a0;<\/li><li>Vous fournir des informations sur votre rendez-vous si vous prenez rendez-vous\u00a0;<\/li><li>Planifier et g\u00e9rer le fonctionnement interne de la Polyclinique A Plus,<\/li><li>Cr\u00e9er des formulaires de consentement, de suivi de traitement et des formulaires d&#039;information pour nos patients et clients, en ligne ou sur papier,<\/li><li>Facturation\u00a0;<\/li><li>v\u00e9rifier votre identit\u00e9;<\/li><li>Vos donn\u00e9es personnelles collect\u00e9es sont destin\u00e9es \u00e0 la r\u00e9alisation d&#039;activit\u00e9s d&#039;assistance \u00e0 la vente et au SAV, qui font l&#039;objet de la communication de vos donn\u00e9es personnelles \u00e0 nos soins, de la gestion des demandes patients\/clients, de la gestion de la satisfaction ou des r\u00e9clamations, de l&#039;organisation d&#039;actions de communication par la cr\u00e9ation de groupes cibles, l&#039;organisation d&#039;activit\u00e9s de vente, de campagnes et de marketing sp\u00e9cifiques aux utilisateurs des marques membres, ainsi que Nos unit\u00e9s commerciales effectuent les travaux n\u00e9cessaires pour vous faire b\u00e9n\u00e9ficier des produits et services propos\u00e9s par notre Soci\u00e9t\u00e9, Personnalisation des produits et services propos\u00e9s par nos Soci\u00e9t\u00e9 en fonction de vos go\u00fbts, habitudes d&#039;utilisation et besoins et vous les recommander, Assurer la s\u00e9curit\u00e9 juridique et commerciale de notre Soci\u00e9t\u00e9 et des personnes qui entretiennent une relation d&#039;affaires avec notre Soci\u00e9t\u00e9, Conditions de traitement des donn\u00e9es personnelles pr\u00e9cis\u00e9es aux articles 5 et 6 de la loi n\u00b0 6698 aux fins de la d\u00e9termination et de la mise en \u0153uvre des strat\u00e9gies commerciales peut \u00eatre transf\u00e9r\u00e9 vers);<\/li><li>Surveillance et pr\u00e9vention des abus et des transactions non autoris\u00e9es\u00a0;<\/li><li>Pour pouvoir r\u00e9pondre \u00e0 toutes vos questions et r\u00e9clamations concernant nos services de sant\u00e9 ;<\/li><li>Faire le rapprochement financier avec les \u00e9tablissements conventionn\u00e9s concernant les services de sant\u00e9 qui vous sont offerts;<\/li><li>R\u00e9pondre aux demandes du Minist\u00e8re de la Sant\u00e9 et des autres institutions et organismes publics conform\u00e9ment \u00e0 la l\u00e9gislation applicable\u00a0;<\/li><li>Mesurer la satisfaction des patients et augmenter la satisfaction des patients apr\u00e8s avoir re\u00e7u des services de sant\u00e9\u00a0;<\/li><li>Afin de fournir des informations aux parquets, aux tribunaux et aux agents publics concern\u00e9s, sur demande et conform\u00e9ment \u00e0 la l\u00e9gislation, concernant l&#039;achat de produits pharmaceutiques ou de dispositifs m\u00e9dicaux, leurs finalit\u00e9s, \u00e0 traiter, enregistrer, stocker, conserver, classer et en les questions li\u00e9es \u00e0 la s\u00e9curit\u00e9 publique et les litiges juridiques qui peuvent survenir\u00a0; si n\u00e9cessaire, elles peuvent \u00eatre transf\u00e9r\u00e9es aux institutions et organismes publics autoris\u00e9s, aux laboratoires avec lesquels nous coop\u00e9rons pour le diagnostic m\u00e9dical, aux agences de marketing num\u00e9rique web et logiciels et aux soci\u00e9t\u00e9s de CRM et de logiciels, aux compagnies d&#039;assurance priv\u00e9es, aux cabinets d&#039;avocats, aux conseillers financiers, dans les limites susmentionn\u00e9es fins.<\/li><\/ul><ol start=\"3\"><li><strong>Quelles sont les m\u00e9thodes de collecte de vos donn\u00e9es personnelles et les raisons juridiques les concernant ?<\/strong><\/li><\/ol><p>Vos donn\u00e9es personnelles mentionn\u00e9es ci-dessus doivent faire l&#039;objet d&#039;un traitement, \u00e0 condition que (i) cela soit clairement stipul\u00e9 dans les lois pr\u00e9cis\u00e9es aux articles 5 et 6 de la loi n\u00b0 6698, (ii) qu&#039;elles soient directement li\u00e9es \u00e0 l&#039;\u00e9tablissement ou \u00e0 l&#039;ex\u00e9cution d&#039;un contrat , (iii) Il est obligatoire pour la protection de la vie ou de l&#039;int\u00e9grit\u00e9 physique de la personne ou d&#039;une autre personne, qui n&#039;est pas en mesure d&#039;exprimer son consentement en raison d&#039;une impossibilit\u00e9 r\u00e9elle ou dont le consentement n&#039;est pas l\u00e9galement reconnu, (iv) est obligatoire pour les donn\u00e9es responsable du traitement pour remplir son obligation l\u00e9gale, (v) porte atteinte aux libert\u00e9s et droits fondamentaux de la personne concern\u00e9e.Dans le cadre des finalit\u00e9s pr\u00e9cis\u00e9es dans le pr\u00e9sent Texte de clarification, du fait qu&#039;il est imp\u00e9ratif pour l&#039;int\u00e9r\u00eat l\u00e9gitime du responsable du traitement, (vi) la protection de la sant\u00e9 publique, la m\u00e9decine pr\u00e9ventive, le diagnostic m\u00e9dical, l&#039;ex\u00e9cution des services de traitement et de soins, la planification et la gestion des services de sant\u00e9 et leur financement ;<\/p><ul><li><strong>un)<\/strong>\u00a0Respecter la loi et les r\u00e8gles de loyaut\u00e9,<\/li><li><strong>b)<\/strong>\u00a0Pour autant qu&#039;elles soient exactes et \u00e0 jour si n\u00e9cessaire,<\/li><li><strong>c)<\/strong>\u00a0Pour des finalit\u00e9s d\u00e9termin\u00e9es, explicites et l\u00e9gitimes,<\/li><li><strong>R\u00c9)<\/strong>\u00a0Dans le cadre de la finalit\u00e9 pour laquelle elles sont trait\u00e9es, limit\u00e9es et mesur\u00e9es,<\/li><li><strong>pour)<\/strong>\u00a0Elles seront trait\u00e9es, enregistr\u00e9es, stock\u00e9es, conserv\u00e9es par des moyens automatiques (par exemple, des enregistrements de cam\u00e9ra) ou par des moyens non automatiques (par exemple, des formulaires remplis par vous) \u00e0 condition qu&#039;elles fassent partie de tout syst\u00e8me d&#039;enregistrement de donn\u00e9es, \u00e0 conserver aussi longtemps que la l\u00e9gislation applicable l&#039;exige ou aux fins pour lesquelles elles sont trait\u00e9es peuvent \u00eatre classifi\u00e9es et transf\u00e9r\u00e9es.<\/li><\/ul><ol start=\"4\"><li><strong>Quels sont vos droits concernant le traitement des donn\u00e9es personnelles et comment pouvez-vous acc\u00e9der \u00e0 ces droits ?<\/strong><\/li><\/ol><p>L&#039;article 20 de la Constitution stipule que toute personne a le droit d&#039;\u00eatre inform\u00e9e des donn\u00e9es \u00e0 caract\u00e8re personnel la concernant. L&#039;article 11 du KVKK \u00e9num\u00e8re les droits du propri\u00e9taire des donn\u00e9es personnelles dans le cadre de la loi.<\/p><p>Vous pouvez soumettre vos demandes concernant vos droits en vertu du KVKK au &quot;Communiqu\u00e9 sur les proc\u00e9dures et les principes d&#039;application au responsable du traitement&quot; par \u00e9crit \u00e0 la Polyclinique Afrodit sp\u00e9cifique \u00e0 l&#039;article 5 ou au responsable du traitement par un courrier \u00e9lectronique recommand\u00e9 (KEP) adresse, signature \u00e9lectronique s\u00e9curis\u00e9e, signature mobile ou le responsable du traitement.Vous pouvez l&#039;envoyer en utilisant l&#039;adresse e-mail notifi\u00e9e et enregistr\u00e9e dans le syst\u00e8me du responsable du traitement.<\/p><ol start=\"5\"><li>A Plus Aesthetics Polyclinic, en tant que responsable du traitement, traite les donn\u00e9es personnelles limit\u00e9es aux groupes de personnes suivants.<\/li><\/ol><ul><li>Nos travailleurs<\/li><li>Nos Candidats Travailleurs (y compris les personnes de r\u00e9f\u00e9rence d\u00e9clar\u00e9es par les demandeurs d&#039;emploi)<\/li><li>Nos stagiaires et alternants,<\/li><li>Nos patients, nos clients<\/li><li>Les personnes interrog\u00e9es et contact\u00e9es pour un diagnostic, un traitement ou pour recevoir de tels services,<\/li><li>Parents et accompagnateurs du patient,<\/li><li>Parties de toute activit\u00e9 commerciale ou personnes avec lesquelles nous coop\u00e9rons ou coop\u00e9rerons en raison d&#039;une activit\u00e9 commerciale, ou autoris\u00e9s ou employ\u00e9s d&#039;entreprises (approvisionnement, publicit\u00e9, support, marketing, h\u00e9bergement, transport, ressources de r\u00e9f\u00e9rence, etc.)<\/li><li>Actionnaires ou personnes avec lesquelles des n\u00e9gociations d&#039;actionnariat sont en cours,<\/li><li>Nos Conseillers Juridiques, Avocats et Consultants ou mandataires ou salari\u00e9s de soci\u00e9t\u00e9s de conseil,<\/li><li>visiteurs<\/li><li>Repr\u00e9sentants l\u00e9gaux, parents, tuteurs ou tuteurs de toutes les personnes concern\u00e9es<\/li><li>Les personnes parties \u00e0 des proc\u00e9dures judiciaires et leurs repr\u00e9sentants l\u00e9gaux<\/li><li>Les tiers avec lesquels nous avons pris contact, bien qu&#039;ils n&#039;aient pas de lien commercial ou juridique avec notre soci\u00e9t\u00e9.<\/li><\/ul><div class=\"bgf sd-full-width clearfix\"><div><div class=\"vc_row wpb_row vc_row-fluid\"><div class=\"wpb_column vc_column_container vc_col-sm-12\"><div class=\"vc_column-inner\"><div class=\"wpb_wrapper\"><div class=\"wpb_text_column wpb_content_element  vc_custom_1608037094291\"><div class=\"wpb_wrapper\"><p><strong>Contr\u00f4leur de donn\u00e9es\u00a0:\u00a0<\/strong>\u00a0Polyclinique Esth\u00e9tique A Plus \u00a0<strong>Adresse:<\/strong>\u00a0Quartier d&#039;Erenk\u00f6y Rue Ethem Efendi Fehmi Ek\u015fio\u011flu Appartement No:90\/A Erenk\u00f6y \/ Istanbul<\/p><\/div><\/div><\/div><\/div><\/div><\/div><\/div><\/div><div class=\"web-footer hidden-xs\">\u00a0<\/div>\t\t\t\t\t\t\t\t<\/div>\n\t\t\t\t<\/div>\n\t\t\t\t\t<\/div>\n\t\t<\/div>\n\t\t\t\t\t<\/div>\n\t\t<\/section>\n\t\t\t\t<\/div>","protected":false},"excerpt":{"rendered":"<p>K\u0130\u015e\u0130SEL VER\u0130LER\u0130N KORUNMASI KANUNU KAPSAMINDA AYDINLATMA METN\u0130 A Plus Estetik \u00a0Poliklini\u011fi ki\u015fisel bilgilerinizin gizlili\u011finin korunmas\u0131na ve bununla ilgili t\u00fcm s\u00fcre\u00e7lere \u00f6nem vermektedir. A Plus Estetik Poliklini\u011fi olarak, 6698 say\u0131l\u0131 Ki\u015fisel Verilerin Korunmas\u0131 Kanunu uyar\u0131nca (\u201cKVKK\u201d), Veri Sorumlusu s\u0131fat\u0131yla KVKK kapsam\u0131ndaki ayd\u0131nlatma y\u00fck\u00fcml\u00fcl\u00fc\u011f\u00fcm\u00fcz \u00e7er\u00e7evesinde, hasta ve yak\u0131nlar\u0131m\u0131z\u0131n veri g\u00fcvenli\u011fini g\u00f6z \u00f6n\u00fcnde bulundurarak, \u00f6zel hayat\u0131n gizlili\u011fi, temel hak ve \u00f6zg\u00fcrl\u00fcklerin korunmas\u0131na verdi\u011fimiz \u00f6nem dolay\u0131s\u0131yla a\u015fa\u011f\u0131daki konularda sizleri bilgilendirmek istiyoruz. Hangi Ki\u015fisel Verilerinizi[&hellip;]<\/p>\n","protected":false},"author":1,"featured_media":0,"parent":0,"menu_order":5,"comment_status":"closed","ping_status":"closed","template":"","meta":{"_acf_changed":false,"footnotes":""},"class_list":["post-671","page","type-page","status-publish","hentry"],"acf":[],"yoast_head":"<!-- This site is optimized with the Yoast SEO Premium plugin v19.7 (Yoast SEO v27.4) - https:\/\/yoast.com\/product\/yoast-seo-premium-wordpress\/ -->\n<title>KVKK - Aplus Hair Transplant<\/title>\n<meta name=\"robots\" content=\"index, follow, max-snippet:-1, max-image-preview:large, max-video-preview:-1\" \/>\n<link rel=\"canonical\" href=\"https:\/\/aplushairtransplant.com\/fr_fr\/kvkk\/\" \/>\n<meta property=\"og:locale\" content=\"fr_FR\" \/>\n<meta property=\"og:type\" content=\"article\" \/>\n<meta property=\"og:title\" content=\"KVKK\" \/>\n<meta property=\"og:description\" content=\"K\u0130\u015e\u0130SEL VER\u0130LER\u0130N KORUNMASI KANUNU KAPSAMINDA AYDINLATMA METN\u0130 A Plus Estetik \u00a0Poliklini\u011fi ki\u015fisel bilgilerinizin gizlili\u011finin korunmas\u0131na ve bununla ilgili t\u00fcm s\u00fcre\u00e7lere \u00f6nem vermektedir. A Plus Estetik Poliklini\u011fi olarak, 6698 say\u0131l\u0131 Ki\u015fisel Verilerin Korunmas\u0131 Kanunu uyar\u0131nca (\u201cKVKK\u201d), Veri Sorumlusu s\u0131fat\u0131yla KVKK kapsam\u0131ndaki ayd\u0131nlatma y\u00fck\u00fcml\u00fcl\u00fc\u011f\u00fcm\u00fcz \u00e7er\u00e7evesinde, hasta ve yak\u0131nlar\u0131m\u0131z\u0131n veri g\u00fcvenli\u011fini g\u00f6z \u00f6n\u00fcnde bulundurarak, \u00f6zel hayat\u0131n gizlili\u011fi, temel hak ve \u00f6zg\u00fcrl\u00fcklerin korunmas\u0131na verdi\u011fimiz \u00f6nem dolay\u0131s\u0131yla a\u015fa\u011f\u0131daki konularda sizleri bilgilendirmek istiyoruz. Hangi Ki\u015fisel Verilerinizi[&hellip;]\" \/>\n<meta property=\"og:url\" content=\"https:\/\/aplushairtransplant.com\/fr_fr\/kvkk\/\" \/>\n<meta property=\"og:site_name\" content=\"Aplus Hair Transplant\" \/>\n<meta property=\"article:modified_time\" content=\"2023-01-19T10:56:46+00:00\" \/>\n<meta name=\"twitter:card\" content=\"summary_large_image\" \/>\n<meta name=\"twitter:label1\" content=\"Dur\u00e9e de lecture estim\u00e9e\" \/>\n\t<meta name=\"twitter:data1\" content=\"8 minutes\" \/>\n<script type=\"application\/ld+json\" class=\"yoast-schema-graph\">{\"@context\":\"https:\\\/\\\/schema.org\",\"@graph\":[{\"@type\":\"WebPage\",\"@id\":\"https:\\\/\\\/aplushairtransplant.com\\\/tr\\\/kvkk\\\/\",\"url\":\"https:\\\/\\\/aplushairtransplant.com\\\/tr\\\/kvkk\\\/\",\"name\":\"KVKK - Aplus Hair Transplant\",\"isPartOf\":{\"@id\":\"https:\\\/\\\/lightgreen-beaver-954374.hostingersite.com\\\/tr\\\/#website\"},\"datePublished\":\"2023-01-19T10:54:41+00:00\",\"dateModified\":\"2023-01-19T10:56:46+00:00\",\"breadcrumb\":{\"@id\":\"https:\\\/\\\/aplushairtransplant.com\\\/tr\\\/kvkk\\\/#breadcrumb\"},\"inLanguage\":\"fr-FR\",\"potentialAction\":[{\"@type\":\"ReadAction\",\"target\":[\"https:\\\/\\\/aplushairtransplant.com\\\/tr\\\/kvkk\\\/\"]}]},{\"@type\":\"BreadcrumbList\",\"@id\":\"https:\\\/\\\/aplushairtransplant.com\\\/tr\\\/kvkk\\\/#breadcrumb\",\"itemListElement\":[{\"@type\":\"ListItem\",\"position\":1,\"name\":\"Anasayfa\",\"item\":\"https:\\\/\\\/aplushairtransplant.com\\\/\"},{\"@type\":\"ListItem\",\"position\":2,\"name\":\"KVKK\"}]},{\"@type\":\"WebSite\",\"@id\":\"https:\\\/\\\/lightgreen-beaver-954374.hostingersite.com\\\/tr\\\/#website\",\"url\":\"https:\\\/\\\/lightgreen-beaver-954374.hostingersite.com\\\/tr\\\/\",\"name\":\"Aplus Hair Transplant\",\"description\":\"\",\"publisher\":{\"@id\":\"https:\\\/\\\/lightgreen-beaver-954374.hostingersite.com\\\/tr\\\/#organization\"},\"alternateName\":\"Aplus Hair Transplant \u0130stanbul\",\"potentialAction\":[{\"@type\":\"SearchAction\",\"target\":{\"@type\":\"EntryPoint\",\"urlTemplate\":\"https:\\\/\\\/lightgreen-beaver-954374.hostingersite.com\\\/tr\\\/?s={search_term_string}\"},\"query-input\":{\"@type\":\"PropertyValueSpecification\",\"valueRequired\":true,\"valueName\":\"search_term_string\"}}],\"inLanguage\":\"fr-FR\"},{\"@type\":\"Organization\",\"@id\":\"https:\\\/\\\/lightgreen-beaver-954374.hostingersite.com\\\/tr\\\/#organization\",\"name\":\"Aplus Hair Transplant\",\"url\":\"https:\\\/\\\/lightgreen-beaver-954374.hostingersite.com\\\/tr\\\/\",\"logo\":{\"@type\":\"ImageObject\",\"inLanguage\":\"fr-FR\",\"@id\":\"https:\\\/\\\/lightgreen-beaver-954374.hostingersite.com\\\/tr\\\/#\\\/schema\\\/logo\\\/image\\\/\",\"url\":\"https:\\\/\\\/aplushairtransplant.com\\\/wp-content\\\/uploads\\\/2023\\\/01\\\/footer-logo.png\",\"contentUrl\":\"https:\\\/\\\/aplushairtransplant.com\\\/wp-content\\\/uploads\\\/2023\\\/01\\\/footer-logo.png\",\"width\":938,\"height\":938,\"caption\":\"Aplus Hair Transplant\"},\"image\":{\"@id\":\"https:\\\/\\\/lightgreen-beaver-954374.hostingersite.com\\\/tr\\\/#\\\/schema\\\/logo\\\/image\\\/\"}}]}<\/script>\n<!-- \/ Yoast SEO Premium plugin. -->","yoast_head_json":{"title":"KVKK - Greffe de cheveux Aplus","robots":{"index":"index","follow":"follow","max-snippet":"max-snippet:-1","max-image-preview":"max-image-preview:large","max-video-preview":"max-video-preview:-1"},"canonical":"https:\/\/aplushairtransplant.com\/fr_fr\/kvkk\/","og_locale":"fr_FR","og_type":"article","og_title":"KVKK","og_description":"K\u0130\u015e\u0130SEL VER\u0130LER\u0130N KORUNMASI KANUNU KAPSAMINDA AYDINLATMA METN\u0130 A Plus Estetik \u00a0Poliklini\u011fi ki\u015fisel bilgilerinizin gizlili\u011finin korunmas\u0131na ve bununla ilgili t\u00fcm s\u00fcre\u00e7lere \u00f6nem vermektedir. A Plus Estetik Poliklini\u011fi olarak, 6698 say\u0131l\u0131 Ki\u015fisel Verilerin Korunmas\u0131 Kanunu uyar\u0131nca (\u201cKVKK\u201d), Veri Sorumlusu s\u0131fat\u0131yla KVKK kapsam\u0131ndaki ayd\u0131nlatma y\u00fck\u00fcml\u00fcl\u00fc\u011f\u00fcm\u00fcz \u00e7er\u00e7evesinde, hasta ve yak\u0131nlar\u0131m\u0131z\u0131n veri g\u00fcvenli\u011fini g\u00f6z \u00f6n\u00fcnde bulundurarak, \u00f6zel hayat\u0131n gizlili\u011fi, temel hak ve \u00f6zg\u00fcrl\u00fcklerin korunmas\u0131na verdi\u011fimiz \u00f6nem dolay\u0131s\u0131yla a\u015fa\u011f\u0131daki konularda sizleri bilgilendirmek istiyoruz. Hangi Ki\u015fisel Verilerinizi[&hellip;]","og_url":"https:\/\/aplushairtransplant.com\/fr_fr\/kvkk\/","og_site_name":"Aplus Hair Transplant","article_modified_time":"2023-01-19T10:56:46+00:00","twitter_card":"summary_large_image","twitter_misc":{"Dur\u00e9e de lecture estim\u00e9e":"8 minutes"},"schema":{"@context":"https:\/\/schema.org","@graph":[{"@type":"WebPage","@id":"https:\/\/aplushairtransplant.com\/tr\/kvkk\/","url":"https:\/\/aplushairtransplant.com\/tr\/kvkk\/","name":"KVKK - Greffe de cheveux Aplus","isPartOf":{"@id":"https:\/\/lightgreen-beaver-954374.hostingersite.com\/tr\/#website"},"datePublished":"2023-01-19T10:54:41+00:00","dateModified":"2023-01-19T10:56:46+00:00","breadcrumb":{"@id":"https:\/\/aplushairtransplant.com\/tr\/kvkk\/#breadcrumb"},"inLanguage":"fr-FR","potentialAction":[{"@type":"ReadAction","target":["https:\/\/aplushairtransplant.com\/tr\/kvkk\/"]}]},{"@type":"BreadcrumbList","@id":"https:\/\/aplushairtransplant.com\/tr\/kvkk\/#breadcrumb","itemListElement":[{"@type":"ListItem","position":1,"name":"Anasayfa","item":"https:\/\/aplushairtransplant.com\/"},{"@type":"ListItem","position":2,"name":"KVKK"}]},{"@type":"WebSite","@id":"https:\/\/lightgreen-beaver-954374.hostingersite.com\/tr\/#website","url":"https:\/\/lightgreen-beaver-954374.hostingersite.com\/tr\/","name":"Greffe de cheveux Aplus","description":"","publisher":{"@id":"https:\/\/lightgreen-beaver-954374.hostingersite.com\/tr\/#organization"},"alternateName":"Aplus Hair Transplant \u0130stanbul","potentialAction":[{"@type":"SearchAction","target":{"@type":"EntryPoint","urlTemplate":"https:\/\/lightgreen-beaver-954374.hostingersite.com\/tr\/?s={search_term_string}"},"query-input":{"@type":"PropertyValueSpecification","valueRequired":true,"valueName":"search_term_string"}}],"inLanguage":"fr-FR"},{"@type":"Organization","@id":"https:\/\/lightgreen-beaver-954374.hostingersite.com\/tr\/#organization","name":"Greffe de cheveux Aplus","url":"https:\/\/lightgreen-beaver-954374.hostingersite.com\/tr\/","logo":{"@type":"ImageObject","inLanguage":"fr-FR","@id":"https:\/\/lightgreen-beaver-954374.hostingersite.com\/tr\/#\/schema\/logo\/image\/","url":"https:\/\/aplushairtransplant.com\/wp-content\/uploads\/2023\/01\/footer-logo.png","contentUrl":"https:\/\/aplushairtransplant.com\/wp-content\/uploads\/2023\/01\/footer-logo.png","width":938,"height":938,"caption":"Aplus Hair Transplant"},"image":{"@id":"https:\/\/lightgreen-beaver-954374.hostingersite.com\/tr\/#\/schema\/logo\/image\/"}}]}},"_links":{"self":[{"href":"https:\/\/aplushairtransplant.com\/fr_fr\/wp-json\/wp\/v2\/pages\/671","targetHints":{"allow":["GET"]}}],"collection":[{"href":"https:\/\/aplushairtransplant.com\/fr_fr\/wp-json\/wp\/v2\/pages"}],"about":[{"href":"https:\/\/aplushairtransplant.com\/fr_fr\/wp-json\/wp\/v2\/types\/page"}],"author":[{"embeddable":true,"href":"https:\/\/aplushairtransplant.com\/fr_fr\/wp-json\/wp\/v2\/users\/1"}],"replies":[{"embeddable":true,"href":"https:\/\/aplushairtransplant.com\/fr_fr\/wp-json\/wp\/v2\/comments?post=671"}],"version-history":[{"count":0,"href":"https:\/\/aplushairtransplant.com\/fr_fr\/wp-json\/wp\/v2\/pages\/671\/revisions"}],"wp:attachment":[{"href":"https:\/\/aplushairtransplant.com\/fr_fr\/wp-json\/wp\/v2\/media?parent=671"}],"curies":[{"name":"wp","href":"https:\/\/api.w.org\/{rel}","templated":true}]}}